{"id":1058,"date":"2019-06-03T11:33:19","date_gmt":"2019-06-03T09:33:19","guid":{"rendered":"https:\/\/eliteam.eu\/?page_id=1058"},"modified":"2022-04-18T15:54:03","modified_gmt":"2022-04-18T13:54:03","slug":"presse","status":"publish","type":"page","link":"https:\/\/eliteam.eu\/en\/presse\/","title":{"rendered":"Press"},"content":{"rendered":"<p class=\"qtranxs-available-languages-message qtranxs-available-languages-message-en\">Sorry, this entry is only available in <a href=\"https:\/\/eliteam.eu\/fr\/wp-json\/wp\/v2\/pages\/1058\" class=\"qtranxs-available-language-link qtranxs-available-language-link-fr\" title=\"Fran\u00e7ais\">Fran\u00e7ais<\/a>. For the sake of viewer convenience, the content is shown below in the alternative language. You may click the link to switch the active language.<\/p><p>[vc_row content_placement=&#8221;middle&#8221; css=&#8221;.vc_custom_1559554359832{background-image: url(https:\/\/eliteam.eu\/wp-content\/uploads\/2019\/06\/dossier-presse-eliteam.jpg?id=1060) !important;background-position: center !important;background-repeat: no-repeat !important;background-size: contain !important;}&#8221;][vc_column][vc_empty_space height=&#8221;500px&#8221;][\/vc_column][\/vc_row][vc_row][vc_column][vc_column_text]<b>Le Groupe ELITEAM <\/b>a \u00e9t\u00e9 fond\u00e9 il y a maintenant <b>13 ans<\/b>, en Alsace, par l\u2019actuel Pr\u00e9sident, Maxime CREUX, qui a choisi de cr\u00e9er un concept unique, qui place <b>l\u2019homme et la technique au c\u0153ur d\u2019un m\u00eame syst\u00e8me<\/b>.<\/p>\n<p>Maxime Creux a d\u00e9cid\u00e9 de cr\u00e9er autour de lui une organisation r\u00e9solument tourn\u00e9e vers l\u2019Homme et ses valeurs humaines intrins\u00e8ques, en partant de l\u2019id\u00e9e que <em>\u00ab\u00a0Tout Homme qui exerce son activit\u00e9 avec plaisir et envie ne peut que devenir <b>Elite<\/b> dans son domaine\u00a0\u00bb<\/em>. A cet Homme, il a choisi d\u2019associer une <b>Team<\/b>, c\u2019est-\u00e0-dire une \u00e9quipe anim\u00e9e d\u2019un v\u00e9ritable esprit d\u2019entraide et d\u2019entreprenariat, n\u00e9cessaire pour faire d\u2019un cahier des charges un <b>projet r\u00e9ussi<\/b>.<\/p>\n<p>Triplement <b>certifi\u00e9 ISO 9001, 14001 et 45001<\/b>, le Groupe ELITEAM est engag\u00e9 dans une <b>d\u00e9marche raisonn\u00e9e sur le plan \u00e9nerg\u00e9tique et environnemental, <\/b>tout en prenant en compte les conditions singuli\u00e8res des march\u00e9s internationaux, sur lesquels le Groupe se positionne depuis sa cr\u00e9ation.[\/vc_column_text][vc_empty_space][vc_single_image image=&#8221;854&#8243; img_size=&#8221;medium&#8221; alignment=&#8221;center&#8221;][vc_column_text]<strong>ELITEAM INGENIOSITE<\/strong> est une Soci\u00e9t\u00e9 d\u2019Ing\u00e9nierie alsacienne d\u00e9di\u00e9e \u00e0 l\u2019Industrie, pour laquelle l\u2019ensemble de notre Team Engineering r\u00e9alise des projets d\u2019\u00e9tudes et des travaux de R&amp;D au sein de notre bureau d\u2019\u00e9tude pluridisciplinaire comme sur sites clients.<\/p>\n<p>Reconnus pour notre \u00ab\u00a0Ing\u00e9niosit\u00e9\u00a0\u00bb, notre expertise et nos comp\u00e9tences pointues dans les domaines de la m\u00e9canique, de l\u2019\u00e9lectrotechnique, du piping et des process &amp; proc\u00e9d\u00e9s, c\u2019est surtout la diversit\u00e9 des secteurs d\u2019activit\u00e9 dans lesquels nous \u00e9voluons que nos clients et nos \u00e9quipes recherchent.<\/p>\n<p>A la pointe de la technologie, nos \u00e9quipes assurent une veille technique et technologique en continu, offrant ainsi \u00e0 nos clients la possibilit\u00e9 d\u2019int\u00e9grer \u00e0 leur process les meilleures technologies et techniques du march\u00e9.[\/vc_column_text][vc_single_image image=&#8221;852&#8243; img_size=&#8221;medium&#8221; alignment=&#8221;center&#8221;][vc_column_text]<strong>ELITEAM AGILITY SA<\/strong> est une Soci\u00e9t\u00e9 d&#8217;ing\u00e9nierie suisse compos\u00e9e de deux d\u00e9partements sp\u00e9cialis\u00e9s.<\/p>\n<p>Le premier d\u00e9partement est d\u00e9di\u00e9 au secteur industriel o\u00f9 nos ing\u00e9nieurs interviennent en phase d&#8217;\u00e9tudes et de conception, mais aussi en phase d\u2019industrialisation, couvrant \u00e9galement les m\u00e9thodes et la qualit\u00e9.<\/p>\n<p>Le second d\u00e9partement, d\u00e9di\u00e9 au domaine du b\u00e2timent et de la construction, compte, quant \u00e0 lui, parmi ses \u00e9quipes des collaborateurs qualifi\u00e9s en CVC, \u00e9lectricit\u00e9 et g\u00e9nie civil, qu&#8217;ils soient ing\u00e9nieurs, modeleurs, coordinateurs ou manager BIM.<\/p>\n<p>Notre implantation sur Bienne offre un rayonnement de B\u00e2le \u00e0 Gen\u00e8ve incluant donc l\u2019Arc L\u00e9manique, la Riviera et en s\u2019\u00e9tendant jusqu\u2019en Valais. Ainsi, cette situation g\u00e9ographique strat\u00e9gique nous permet de r\u00e9pondre \u00e0 des march\u00e9s d\u2019envergure et de renomm\u00e9e nationale voire internationale.[\/vc_column_text][vc_single_image image=&#8221;853&#8243; img_size=&#8221;medium&#8221; alignment=&#8221;center&#8221;][vc_column_text]<\/p>\n<p style=\"text-align: justify;\"><strong>ELITEAM ENERGY<\/strong> est une Soci\u00e9t\u00e9 d\u2019Ing\u00e9nierie-conseil franco-suisse sp\u00e9cialis\u00e9e dans les domaines de la production, du transport et de la distribution d\u2019\u00e9nergie, intervenant aux c\u00f4t\u00e9s des acteurs de l\u2019\u00e9nergie en France, en Suisse, et \u00e0 pr\u00e8s de 80% \u00e0 l\u2019international. Reconnu comme un acteur incontournable du monde de l\u2019\u00e9nergie, nos prestations en ma\u00eetrise d\u2019\u0153uvre, nous am\u00e8nent \u00e0 intervenir dans le cadre de travaux neufs et r\u00e9habilitation de centrales de production d\u2019\u00e9nergie de toute nature.<\/p>\n<p style=\"text-align: justify;\">Majoritairement pr\u00e9sents sur des technologies thermiques et hydro\u00e9lectriques, notre volont\u00e9 et notre ambition est de concourir au d\u00e9veloppement de solutions \u00e9nerg\u00e9tiques propres et renouvelables pour les Zones Non Interconnect\u00e9es au r\u00e9seau. Nous avons choisi d\u2019implanter nos premiers sites pilotes sur Remire-Montjoly en Guyane et \u00e0 Wittelsheim o\u00f9 est implant\u00e9 notre si\u00e8ge social.<\/p>\n<p>[\/vc_column_text][vc_empty_space][vc_column_text]<strong>Le Groupe ELITEAM est pr\u00e9sent au travers de 6 implantations :<\/strong><\/p>\n<ul>\n<li><strong>ELITEAM INGENIOSITE<\/strong> 5 rue du Danemark \u00e0 Wittelsheim (Alsace)<\/li>\n<li><strong>ELITEAM AGILITY SA<\/strong> Rue du G\u00e9n\u00e9ral-Dufour 4 \u00e0 Bienne (Canton de Berne)<\/li>\n<li><strong>ELITEAM ENERGY<\/strong> 5 rue du Danemark \u00e0 Wittelsheim (Alsace)<\/li>\n<li><strong>ELITEAM ENERGY GUYANE<\/strong> chez GEODIS Freight Forwarding France SAS &#8211; 10A Rue des Quais- Zone Industrielle D\u00e9grad-des-Cannes \u00e0 Remire-Montjoly (Guyane)<\/li>\n<li><strong>ELITEAM ENERGY SA<\/strong> Rue du G\u00e9n\u00e9ral-Dufour 4 \u00e0 Bienne (Canton de Berne)<\/li>\n<li><strong>ELITEAM ENERGY AFRIQUE<\/strong>\u00a0Entr\u00e9e FOXTROT &#8211; Rue du Canal &#8211; Vridi \u00e0 Abidjan (C\u00f4te d\u2019Ivoire)<\/li>\n<\/ul>\n<p>[\/vc_column_text][\/vc_column][\/vc_row]<\/p>","protected":false},"excerpt":{"rendered":"<p>Sorry, this entry is only available in Fran\u00e7ais. For the sake of viewer convenience, the content is shown below in the alternative language. You may click the link to switch [&hellip;]<\/p>\n","protected":false},"author":1,"featured_media":0,"parent":0,"menu_order":0,"comment_status":"closed","ping_status":"closed","template":"","meta":{"footnotes":""},"class_list":["post-1058","page","type-page","status-publish","hentry"],"_links":{"self":[{"href":"https:\/\/eliteam.eu\/en\/wp-json\/wp\/v2\/pages\/1058","targetHints":{"allow":["GET"]}}],"collection":[{"href":"https:\/\/eliteam.eu\/en\/wp-json\/wp\/v2\/pages"}],"about":[{"href":"https:\/\/eliteam.eu\/en\/wp-json\/wp\/v2\/types\/page"}],"author":[{"embeddable":true,"href":"https:\/\/eliteam.eu\/en\/wp-json\/wp\/v2\/users\/1"}],"replies":[{"embeddable":true,"href":"https:\/\/eliteam.eu\/en\/wp-json\/wp\/v2\/comments?post=1058"}],"version-history":[{"count":15,"href":"https:\/\/eliteam.eu\/en\/wp-json\/wp\/v2\/pages\/1058\/revisions"}],"predecessor-version":[{"id":1958,"href":"https:\/\/eliteam.eu\/en\/wp-json\/wp\/v2\/pages\/1058\/revisions\/1958"}],"wp:attachment":[{"href":"https:\/\/eliteam.eu\/en\/wp-json\/wp\/v2\/media?parent=1058"}],"curies":[{"name":"wp","href":"https:\/\/api.w.org\/{rel}","templated":true}]}}