{"id":1325,"date":"2019-11-20T17:26:38","date_gmt":"2019-11-20T16:26:38","guid":{"rendered":"https:\/\/eliteam.eu\/?page_id=1325"},"modified":"2022-04-22T15:30:32","modified_gmt":"2022-04-22T13:30:32","slug":"candelabres-solaires-autonomes-eliteam-energy","status":"publish","type":"page","link":"https:\/\/eliteam.eu\/en\/candelabres-solaires-autonomes-eliteam-energy\/","title":{"rendered":"\u00c9clairages Solaires Autonomes &#8211; ELITEAM ENERGY"},"content":{"rendered":"<p class=\"qtranxs-available-languages-message qtranxs-available-languages-message-en\">Sorry, this entry is only available in <a href=\"https:\/\/eliteam.eu\/fr\/wp-json\/wp\/v2\/pages\/1325\" class=\"qtranxs-available-language-link qtranxs-available-language-link-fr\" title=\"Fran\u00e7ais\">Fran\u00e7ais<\/a>. For the sake of viewer convenience, the content is shown below in the alternative language. You may click the link to switch the active language.<\/p><p>[vc_row gap=&#8221;35&#8243; content_placement=&#8221;top&#8221; css_animation=&#8221;fadeInDown&#8221;][vc_column width=&#8221;1\/2&#8243;][vc_empty_space height=&#8221;100px&#8221;][vc_single_image image=&#8221;853&#8243; img_size=&#8221;large&#8221; alignment=&#8221;center&#8221;][vc_empty_space height=&#8221;100px&#8221;][\/vc_column][vc_column width=&#8221;1\/2&#8243;][vc_empty_space height=&#8221;100px&#8221;][vc_single_image image=&#8221;1513&#8243; img_size=&#8221;large&#8221; alignment=&#8221;center&#8221;][vc_empty_space height=&#8221;100px&#8221;][\/vc_column][\/vc_row][vc_row full_width=&#8221;stretch_row&#8221; css_animation=&#8221;fadeIn&#8221; css=&#8221;.vc_custom_1616661899200{background-color: #f58220 !important;}&#8221;][vc_column]<div data-enable_animator='all' class='wpb_animate_when_almost_visible gambit-css-animation fade-in ' style='-webkit-animation-duration: 2s;-moz-animation-duration: 2s;-ms-animation-duration: 2s;-o-animation-duration: 2s;animation-duration: 2s;-webkit-transition-duration: 2s;-moz-transition-duration: 2s;-ms-transition-duration: 2s;-o-transition-duration: 2s;transition-duration: 2s;opacity: 0;-webkit-animation-delay: 0.1s;-moz-animation-delay: 0.1s;-ms-animation-delay: 0.1s;-o-animation-delay: 0.1s;animation-delay: 0.1s;-webkit-transition-delay: 0.1s;-moz-transition-delay: 0.1s;-ms-transition-delay: 0.1s;-o-transition-delay: 0.1s;transition-delay: 0.1s'>[vc_column_text]<\/p>\n<h1 style=\"text-align: center;\"><span style=\"color: #ffffff;\">\u00c9CLAIRAGES SOLAIRES, AUTONOMES ET INTELLIGENTS<\/span><\/h1>\n<p>[\/vc_column_text]<\/div>[\/vc_column][\/vc_row][vc_row content_placement=&#8221;middle&#8221;][vc_column css_animation=&#8221;fadeInLeft&#8221; width=&#8221;1\/3&#8243;][\/vc_column][vc_column css_animation=&#8221;fadeInRight&#8221; width=&#8221;2\/3&#8243;]<div data-enable_animator='all' class='wpb_animate_when_almost_visible gambit-css-animation slide-to-left ' style='-webkit-animation-duration: 2s;-moz-animation-duration: 2s;-ms-animation-duration: 2s;-o-animation-duration: 2s;animation-duration: 2s;-webkit-transition-duration: 2s;-moz-transition-duration: 2s;-ms-transition-duration: 2s;-o-transition-duration: 2s;transition-duration: 2s;opacity: 0;-webkit-animation-delay: 1.1s;-moz-animation-delay: 1.1s;-ms-animation-delay: 1.1s;-o-animation-delay: 1.1s;animation-delay: 1.1s;-webkit-transition-delay: 1.1s;-moz-transition-delay: 1.1s;-ms-transition-delay: 1.1s;-o-transition-delay: 1.1s;transition-delay: 1.1s'>[vc_column_text]<\/p>\n<blockquote><p><b>Int\u00e9grateur de solutions dans le domaine des \u00e9nergies renouvelables<\/b>, nous proposons \u00e0 nos clients un large panel de solutions, afin de r\u00e9pondre au mieux \u00e0 leurs besoins. Ces solutions sont \u00e9valu\u00e9es, \u00e9tudi\u00e9es et propos\u00e9es par notre <b>bureau d\u2019\u00e9tudes pluridisciplinaire<\/b>, coupl\u00e9es \u00e0 des <b>produits techniques innovants<\/b>, d\u00e9velopp\u00e9s en collaboration avec des partenaires qualifi\u00e9s et reconnus. L\u2019un de nos plus proches partenaires, est un <b>fabricant fran\u00e7ais de cand\u00e9labres solaires autonomes intelligents <\/b>avec qui, <b>ELITEAM ENERGY <\/b>cod\u00e9veloppe des projets dans le monde entier pour satisfaire les attentes de ses clients finaux.<\/p><\/blockquote>\n<p>[\/vc_column_text]<\/div>[\/vc_column][\/vc_row][vc_row css_animation=&#8221;fadeInUp&#8221;][vc_column][vc_btn title=&#8221;Plaquette Commerciale \u00c9clairages Solaires_M\u00e9tropole&#8221; style=&#8221;3d&#8221; align=&#8221;center&#8221; i_icon_fontawesome=&#8221;fas fa-download&#8221; add_icon=&#8221;true&#8221; link=&#8221;url:https%3A%2F%2Fwww.eliteam.eu%2Fplaquette_commerciale_eclairages_solaires_metropole.pdf|target:_blank&#8221;][vc_btn title=&#8221;Plaquette Commerciale \u00c9clairages Solaires_Guyane&#8221; style=&#8221;3d&#8221; align=&#8221;center&#8221; i_icon_fontawesome=&#8221;fas fa-download&#8221; add_icon=&#8221;true&#8221; link=&#8221;url:https%3A%2F%2Fwww.eliteam.eu%2Fplaquette_commerciale_eclairages_solaires_guyane.pdf|target:_blank&#8221;][\/vc_column][\/vc_row][vc_row][vc_column][vc_empty_space height=&#8221;100px&#8221;][vc_separator color=&#8221;custom&#8221; align=&#8221;align_left&#8221; border_width=&#8221;2&#8243; el_width=&#8221;30&#8243; css_animation=&#8221;fadeIn&#8221; accent_color=&#8221;#f58220&#8243;][vc_column_text css_animation=&#8221;fadeIn&#8221;]<\/p>\n<h2><strong>FONCTIONNALIT\u00c9S<\/strong><\/h2>\n<p>[\/vc_column_text][vc_toggle title=&#8221;Le profil d\u2019utilisation de cand\u00e9labre solaire c\u2019est quoi ?&#8221; style=&#8221;rounded&#8221; css_animation=&#8221;fadeInLeft&#8221;]Lors de la phase d\u2019\u00e9tude sur les cand\u00e9labres solaires, plusieurs sous-\u00e9tudes sont r\u00e9alis\u00e9es. Que ce soit une \u00e9tude photom\u00e9trique, une \u00e9tude d\u2019ensoleillement ou, dans le cas qui nous int\u00e9resse, une \u00e9tude de profil d\u2019utilisation, les r\u00e9sultats diff\u00e9reront selon le besoin du client.<\/p>\n<p>De ce fait, le profil d\u2019utilisation est d\u00e9fini par le client selon diff\u00e9rents points\u00a0:<\/p>\n<ul>\n<li style=\"text-align: justify;\">La plage horaire o\u00f9 l\u2019on souhaite \u00e9clairer la zone<\/li>\n<li style=\"text-align: justify;\">L\u2019autonomie en nombre de jours en cas de mauvais temps<\/li>\n<li style=\"text-align: justify;\">L\u2019emplacement futur du cand\u00e9labre solaire<\/li>\n<li style=\"text-align: justify;\">Le requis d\u2019\u00e9clairement au sol<\/li>\n<li style=\"text-align: justify;\">La pr\u00e9sence ou non d\u2019une cellule de d\u00e9tection<\/li>\n<\/ul>\n<p>&nbsp;<\/p>\n<h3><strong>Oui mais pourquoi ?<\/strong><\/h3>\n<p>En synth\u00e9tisant les 5 crit\u00e8res d\u2019utilisation list\u00e9s avant, on peut d\u00e9finir un profil d\u2019utilisation qui sera <strong>propre au besoin du client. <\/strong>De plus, le fait de conna\u00eetre ces besoins nous permet \u00e9galement de dimensionner l\u2019utilisation optimale de la charge de la batterie.<\/p>\n<p>Prenons un exemple concret\u00a0:<\/p>\n<p>Nous sommes dans le Nord-Est de la France, pr\u00e9cis\u00e9ment \u00e0 l\u2019adresse de notre si\u00e8ge soit\u00a0: 5, Rue du Danemark 68310 Wittelsheim.<\/p>\n<p>Le besoin est d\u2019\u00e9clairer toute la nuit, depuis le d\u00e9part des employ\u00e9s le soir \u00e0 l\u2019arriv\u00e9e des employ\u00e9s le lendemain matin.<\/p>\n<p>De plus, un module de d\u00e9tection est install\u00e9 avec une mont\u00e9e en puissance \u00e0 100% de la puissance initiale pour une dur\u00e9e de 30 secondes en cas de d\u00e9tection.<\/p>\n<p>Gr\u00e2ce \u00e0 ces indications nous pouvons fournir un profil d\u2019utilisation propre aux besoins.<\/p>\n<p>&nbsp;<\/p>\n<p>En premier lieu, on recherche selon les diff\u00e9rentes zones d\u2019ensoleillement que vous pouvez voir dans l\u2019image ci-dessous, celle o\u00f9 nous aurons notre projet\u00a0:<img loading=\"lazy\" decoding=\"async\" class=\"aligncenter wp-image-1395 size-large\" src=\"https:\/\/eliteam.eu\/wp-content\/uploads\/2019\/12\/Ensoleillement-1024x574.png\" alt=\"\" width=\"640\" height=\"359\" srcset=\"https:\/\/eliteam.eu\/wp-content\/uploads\/2019\/12\/Ensoleillement-1024x574.png 1024w, https:\/\/eliteam.eu\/wp-content\/uploads\/2019\/12\/Ensoleillement-300x168.png 300w, https:\/\/eliteam.eu\/wp-content\/uploads\/2019\/12\/Ensoleillement-768x430.png 768w, https:\/\/eliteam.eu\/wp-content\/uploads\/2019\/12\/Ensoleillement.png 1171w\" sizes=\"auto, (max-width: 640px) 100vw, 640px\" \/><\/p>\n<p>Selon la zone d\u2019ensoleillement du projet (zone 1, 2 ou 3), diff\u00e9rents types de profil personnalis\u00e9s sp\u00e9cialement pour leur zone peuvent \u00eatre propos\u00e9s.<\/p>\n<p>&nbsp;<\/p>\n<p>En second lieu, apr\u00e8s avoir d\u00e9fini la zone d\u2019exploitation, nous pouvons d\u00e9finir le profil le plus proche du besoin du client.<\/p>\n<p><img loading=\"lazy\" decoding=\"async\" class=\"wp-image-1396 size-full alignnone\" src=\"https:\/\/eliteam.eu\/wp-content\/uploads\/2019\/12\/zone-exploitation.png\" alt=\"\" width=\"963\" height=\"490\" srcset=\"https:\/\/eliteam.eu\/wp-content\/uploads\/2019\/12\/zone-exploitation.png 963w, https:\/\/eliteam.eu\/wp-content\/uploads\/2019\/12\/zone-exploitation-300x153.png 300w, https:\/\/eliteam.eu\/wp-content\/uploads\/2019\/12\/zone-exploitation-768x391.png 768w\" sizes=\"auto, (max-width: 963px) 100vw, 963px\" \/><\/p>\n<p>&nbsp;<\/p>\n<p>Ci-dessus une nuit type de fonctionnement d\u2019un cand\u00e9labre solaire. Le cand\u00e9labre solaire peut aussi passer en mode \u00ab\u00a0d\u00e9grad\u00e9\u00a0\u00bb jusqu\u2019\u00e0 20% de sa puissance initiale.<\/p>\n<p>Le mode \u00ab\u00a0d\u00e9grad\u00e9\u00a0\u00bb permet, en cas d\u2019absence de soleil prolong\u00e9e, d\u2019optimiser la charge de la batterie restante afin de respecter l\u2019autonomie demand\u00e9e (jusqu\u2019\u00e0 un maximum de 72 heures) et d\u2019\u00e9viter \u00e0 tout prix de tomber en Blackout.<\/p>\n<p>Ainsi, avec ce mode de fonctionnement, nous pouvons assurer la majorit\u00e9 du temps un fonctionnement de <strong>365 nuits par an<\/strong>.[\/vc_toggle][vc_toggle title=&#8221;L\u2019\u00e9tude photom\u00e9trique c\u2019est quoi ?&#8221; style=&#8221;rounded&#8221; css_animation=&#8221;fadeInLeft&#8221;]<\/p>\n<p style=\"text-align: justify;\">C\u2019est une mani\u00e8re de simuler de la lumi\u00e8re afin de respecter les besoins du client et les normes europ\u00e9ennes d\u2019\u00e9clairement. On r\u00e9cup\u00e8re les donn\u00e9es d\u2019\u00e9clairage (puissance lumineuse, temp\u00e9rature de couleur (chaude ou froide)), des divers lampes, spots ou encore projecteurs afin de les repr\u00e9senter en 3 dimensions et les inclure dans une maquette 3D. \u00a0Ces lampes nous permettent alors de simuler comment on va \u00e9clairer la zone, que ce soit en fonction des b\u00e2timents alentours, de la v\u00e9g\u00e9tation pr\u00e9sente, de l\u2019environnement, etc\u2026<\/p>\n<h3 style=\"text-align: justify;\"><strong>Oui mais pourquoi\u00a0?<\/strong><\/h3>\n<p style=\"text-align: justify;\">Une zone tel qu\u2019un parking ou encore une rue ne peuvent pas \u00eatre \u00e9clair\u00e9s al\u00e9atoirement\u2026<\/p>\n<p style=\"text-align: justify;\">Un \u00e9clairage trop puissant pourra aveugler les passants, un \u00e9clairage trop faible sera inutile. De plus, l\u2019\u00e9tude permet \u00e9galement d\u2019apporter une homog\u00e9n\u00e9it\u00e9 de l\u2019\u00e9clairage, de fa\u00e7on \u00e0 \u00e9viter d\u2019avoir des endroits sur\u00e9clair\u00e9s et d\u2019autres sous-\u00e9clair\u00e9s.<\/p>\n<p style=\"text-align: justify;\">Le but de l\u2019\u00e9tude photom\u00e9trique est d\u2019\u00e9clairer donc correctement en fonction des besoins, du respect des normes, de l\u2019absence de pollution lumineuse et de l\u2019environnement.<\/p>\n<h3 style=\"text-align: justify;\"><strong>Comment on proc\u00e8de\u00a0?<\/strong><\/h3>\n<p style=\"text-align: justify;\">On d\u00e9bute le projet en tra\u00e7ant la zone de simulation, si par exemple on doit r\u00e9aliser l\u2019\u00e9tude d\u2019un parking, on prend les dimensions de celui-ci ou alors on peut demander un plan pour se baser dessus. Ensuite on place les points lumineux \u00e0 plusieurs endroits sur le plan afin de d\u00e9finir\u00a0les zones de sources de lumi\u00e8res.<\/p>\n<p style=\"text-align: justify;\">Ci-dessous, une repr\u00e9sentation imag\u00e9e d\u2019une simulation effectu\u00e9e pour l\u2019\u00e9clairage du parking de notre si\u00e8ge \u00e0 Wittelsheim\u00a0:<img loading=\"lazy\" decoding=\"async\" class=\"aligncenter wp-image-1399 size-full\" src=\"https:\/\/eliteam.eu\/wp-content\/uploads\/2019\/12\/parking-wittelsheim.png\" alt=\"\" width=\"685\" height=\"674\" srcset=\"https:\/\/eliteam.eu\/wp-content\/uploads\/2019\/12\/parking-wittelsheim.png 685w, https:\/\/eliteam.eu\/wp-content\/uploads\/2019\/12\/parking-wittelsheim-300x295.png 300w\" sizes=\"auto, (max-width: 685px) 100vw, 685px\" \/><\/p>\n<p style=\"text-align: justify;\">Ensuite, on peut, comme dit au-dessus, commencer \u00e0 simuler l\u2019\u00e9clairage par le moyen d\u2019un \u00ab\u00a0Rendu en fausses couleurs\u00a0\u00bb. Par ce nom, on repr\u00e9sente les diff\u00e9rents taux d\u2019\u00e9clairement (en Lux) par rapport \u00e0 l\u2019\u00e9clairage qu\u2019on a implant\u00e9 (\u00e0 l\u2019\u00e9tape pr\u00e9c\u00e9dente) dans la zone.<\/p>\n<p style=\"text-align: justify;\"><img loading=\"lazy\" decoding=\"async\" class=\"aligncenter wp-image-1398 size-full\" src=\"https:\/\/eliteam.eu\/wp-content\/uploads\/2019\/12\/fausses-couleurs.png\" alt=\"\" width=\"627\" height=\"624\" srcset=\"https:\/\/eliteam.eu\/wp-content\/uploads\/2019\/12\/fausses-couleurs.png 627w, https:\/\/eliteam.eu\/wp-content\/uploads\/2019\/12\/fausses-couleurs-300x300.png 300w, https:\/\/eliteam.eu\/wp-content\/uploads\/2019\/12\/fausses-couleurs-150x150.png 150w\" sizes=\"auto, (max-width: 627px) 100vw, 627px\" \/><\/p>\n<p style=\"text-align: justify;\">Pour obtenir un rendu encore plus pr\u00e9cis, nous pouvons \u00e9galement utiliser une mod\u00e9lisation en 3D afin d\u2019estimer comment l\u2019\u00e9clairement va se comporter dans son environnement.<\/p>\n<p style=\"text-align: justify;\"><img loading=\"lazy\" decoding=\"async\" class=\"aligncenter wp-image-1397 size-full\" src=\"https:\/\/eliteam.eu\/wp-content\/uploads\/2019\/12\/3D.png\" alt=\"\" width=\"1016\" height=\"923\" srcset=\"https:\/\/eliteam.eu\/wp-content\/uploads\/2019\/12\/3D.png 1016w, https:\/\/eliteam.eu\/wp-content\/uploads\/2019\/12\/3D-300x273.png 300w, https:\/\/eliteam.eu\/wp-content\/uploads\/2019\/12\/3D-768x698.png 768w\" sizes=\"auto, (max-width: 1016px) 100vw, 1016px\" \/><\/p>\n<p style=\"text-align: justify;\">On obtient donc diff\u00e9rentes couleurs, chacune correspondant \u00e0 une plage de puissance d\u2019\u00e9clairement (avec unit\u00e9 en lux). Ce d\u00e9grad\u00e9 nous permet de voir comment se propage la lumi\u00e8re dans toute la zone \u00e0 \u00e9clairer.<\/p>\n<p style=\"text-align: justify;\">Enfin selon les projets, plusieurs dizaines de reprises peuvent \u00eatre effectu\u00e9es jusqu\u2019\u00e0 trouver le r\u00e9sultat escompt\u00e9 permettant de respecter les besoins du client et les normes.<\/p>\n<p>[\/vc_toggle][vc_empty_space height=&#8221;100px&#8221;][\/vc_column][\/vc_row][vc_row][vc_column][vc_separator color=&#8221;custom&#8221; align=&#8221;align_left&#8221; border_width=&#8221;2&#8243; el_width=&#8221;30&#8243; css_animation=&#8221;fadeIn&#8221; accent_color=&#8221;#f58220&#8243;][vc_column_text css_animation=&#8221;fadeIn&#8221;]<\/p>\n<h2><strong>R\u00c9F\u00c9RENCES<\/strong><\/h2>\n<p>[\/vc_column_text][\/vc_column][\/vc_row][vc_row][vc_column css_animation=&#8221;none&#8221; width=&#8221;1\/3&#8243;]<div data-enable_animator='all' class='wpb_animate_when_almost_visible gambit-css-animation fall-3d-to-top ' style='-webkit-animation-duration: 2s;-moz-animation-duration: 2s;-ms-animation-duration: 2s;-o-animation-duration: 2s;animation-duration: 2s;-webkit-transition-duration: 2s;-moz-transition-duration: 2s;-ms-transition-duration: 2s;-o-transition-duration: 2s;transition-duration: 2s;opacity: 0;-webkit-animation-delay: 0.1s;-moz-animation-delay: 0.1s;-ms-animation-delay: 0.1s;-o-animation-delay: 0.1s;animation-delay: 0.1s;-webkit-transition-delay: 0.1s;-moz-transition-delay: 0.1s;-ms-transition-delay: 0.1s;-o-transition-delay: 0.1s;transition-delay: 0.1s'><div id=\"gambit-hero-box-1\" class=\"hero-box hero-box-effect-goliath\" style=\"background-color: #000000; border-color:#000000; height: ;\"><figure class=\"hero-box-wrapper\"><div class=\"hero-box-img\" style=\"background-image: url(https:\/\/eliteam.eu\/wp-content\/uploads\/2021\/01\/IMG_5872-retouch-1024x683.jpg);\"><\/div><figcaption><div class=\"hero-box-text\"><h3 class=\"hero-box-title\" style=\"\">Si\u00e8ge ELITEAM GROUP - WITTELSHEIM<\/h3><p class=\"hero-box-caption\" style=\"\">9 cand\u00e9labres UP2 sur le parking du si\u00e8ge d\u2019ELITEAM<\/p><\/div><\/figcaption><\/figure><\/div><\/div>[vc_empty_space]<div data-enable_animator='all' class='wpb_animate_when_almost_visible gambit-css-animation fall-3d-to-top ' style='-webkit-animation-duration: 2s;-moz-animation-duration: 2s;-ms-animation-duration: 2s;-o-animation-duration: 2s;animation-duration: 2s;-webkit-transition-duration: 2s;-moz-transition-duration: 2s;-ms-transition-duration: 2s;-o-transition-duration: 2s;transition-duration: 2s;opacity: 0;-webkit-animation-delay: 0.1s;-moz-animation-delay: 0.1s;-ms-animation-delay: 0.1s;-o-animation-delay: 0.1s;animation-delay: 0.1s;-webkit-transition-delay: 0.1s;-moz-transition-delay: 0.1s;-ms-transition-delay: 0.1s;-o-transition-delay: 0.1s;transition-delay: 0.1s'><div id=\"gambit-hero-box-2\" class=\"hero-box hero-box-effect-goliath\" style=\"background-color: #000000; border-color:#000000; height: ;\"><figure class=\"hero-box-wrapper\"><div class=\"hero-box-img\" style=\"background-image: url(https:\/\/eliteam.eu\/wp-content\/uploads\/2019\/12\/La-Bordelaise-e1610449037597.png);\"><\/div><figcaption><div class=\"hero-box-text\"><h3 class=\"hero-box-title\" style=\"\">Macouria - GUYANE<\/h3><p class=\"hero-box-caption\" style=\"\">Installations et remplacement de plusieurs luminaires pour la commune de Macouria<\/p><\/div><\/figcaption><\/figure><\/div><\/div>[vc_empty_space]<div data-enable_animator='all' class='wpb_animate_when_almost_visible gambit-css-animation fall-3d-to-top ' style='-webkit-animation-duration: 2s;-moz-animation-duration: 2s;-ms-animation-duration: 2s;-o-animation-duration: 2s;animation-duration: 2s;-webkit-transition-duration: 2s;-moz-transition-duration: 2s;-ms-transition-duration: 2s;-o-transition-duration: 2s;transition-duration: 2s;opacity: 0;-webkit-animation-delay: 0.1s;-moz-animation-delay: 0.1s;-ms-animation-delay: 0.1s;-o-animation-delay: 0.1s;animation-delay: 0.1s;-webkit-transition-delay: 0.1s;-moz-transition-delay: 0.1s;-ms-transition-delay: 0.1s;-o-transition-delay: 0.1s;transition-delay: 0.1s'><div id=\"gambit-hero-box-3\" class=\"hero-box hero-box-effect-goliath\" style=\"background-color: #000000; border-color:#000000; height: ;\"><figure class=\"hero-box-wrapper\"><div class=\"hero-box-img\" style=\"background-image: url(https:\/\/eliteam.eu\/wp-content\/uploads\/2021\/01\/Totem-AGD-eclaire-2-e1610449754808-1024x737.jpg);\"><\/div><figcaption><div class=\"hero-box-text\"><h3 class=\"hero-box-title\" style=\"\">AGD - WITTELSHEIM<\/h3><p class=\"hero-box-caption\" style=\"color: #ffffff;\">Eclairage d&#039;un totem publicitaire.<\/p><\/div><\/figcaption><\/figure><\/div><\/div>[\/vc_column][vc_column css_animation=&#8221;fadeInUp&#8221; width=&#8221;1\/3&#8243;]<div data-enable_animator='all' class='wpb_animate_when_almost_visible gambit-css-animation fall-3d-to-top ' style='-webkit-animation-duration: 2s;-moz-animation-duration: 2s;-ms-animation-duration: 2s;-o-animation-duration: 2s;animation-duration: 2s;-webkit-transition-duration: 2s;-moz-transition-duration: 2s;-ms-transition-duration: 2s;-o-transition-duration: 2s;transition-duration: 2s;opacity: 0;-webkit-animation-delay: 0.1s;-moz-animation-delay: 0.1s;-ms-animation-delay: 0.1s;-o-animation-delay: 0.1s;animation-delay: 0.1s;-webkit-transition-delay: 0.1s;-moz-transition-delay: 0.1s;-ms-transition-delay: 0.1s;-o-transition-delay: 0.1s;transition-delay: 0.1s'><div id=\"gambit-hero-box-4\" class=\"hero-box hero-box-effect-goliath\" style=\"background-color: #000000; border-color:#000000; height: ;\"><figure class=\"hero-box-wrapper\"><div class=\"hero-box-img\" style=\"background-image: url(https:\/\/eliteam.eu\/wp-content\/uploads\/2019\/11\/IMG-20190605-WA0000-1024x537.jpg);\"><\/div><figcaption><div class=\"hero-box-text\"><h3 class=\"hero-box-title\" style=\"\">Shikoa Sobole - GUYANE<\/h3><p class=\"hero-box-caption\" style=\"\">Implantation de 5 ISSL+ et 1 ISSL Maxi AREA sur le site pilote de Shikoa Sobole en Guyane.<\/p><\/div><\/figcaption><\/figure><\/div><\/div>[vc_empty_space]<div data-enable_animator='all' class='wpb_animate_when_almost_visible gambit-css-animation fall-3d-to-top ' style='-webkit-animation-duration: 2s;-moz-animation-duration: 2s;-ms-animation-duration: 2s;-o-animation-duration: 2s;animation-duration: 2s;-webkit-transition-duration: 2s;-moz-transition-duration: 2s;-ms-transition-duration: 2s;-o-transition-duration: 2s;transition-duration: 2s;opacity: 0;-webkit-animation-delay: 0.1s;-moz-animation-delay: 0.1s;-ms-animation-delay: 0.1s;-o-animation-delay: 0.1s;animation-delay: 0.1s;-webkit-transition-delay: 0.1s;-moz-transition-delay: 0.1s;-ms-transition-delay: 0.1s;-o-transition-delay: 0.1s;transition-delay: 0.1s'><div id=\"gambit-hero-box-5\" class=\"hero-box hero-box-effect-goliath\" style=\"background-color: #000000; border-color:#000000; height: ;\"><figure class=\"hero-box-wrapper\"><div class=\"hero-box-img\" style=\"background-image: url(https:\/\/eliteam.eu\/wp-content\/uploads\/2019\/12\/2-Maxi-area-1024x768.jpeg);\"><\/div><figcaption><div class=\"hero-box-text\"><h3 class=\"hero-box-title\" style=\"\">St Laurent du Maroni - GUYANE<\/h3><p class=\"hero-box-caption\" style=\"\">Installation de 2 Maxi Area sur le Port de St Laurent du Maroni<\/p><\/div><\/figcaption><\/figure><\/div><\/div>[vc_empty_space]<div data-enable_animator='all' class='wpb_animate_when_almost_visible gambit-css-animation fall-3d-to-top ' style='-webkit-animation-duration: 2s;-moz-animation-duration: 2s;-ms-animation-duration: 2s;-o-animation-duration: 2s;animation-duration: 2s;-webkit-transition-duration: 2s;-moz-transition-duration: 2s;-ms-transition-duration: 2s;-o-transition-duration: 2s;transition-duration: 2s;opacity: 0;-webkit-animation-delay: 0.1s;-moz-animation-delay: 0.1s;-ms-animation-delay: 0.1s;-o-animation-delay: 0.1s;animation-delay: 0.1s;-webkit-transition-delay: 0.1s;-moz-transition-delay: 0.1s;-ms-transition-delay: 0.1s;-o-transition-delay: 0.1s;transition-delay: 0.1s'><div id=\"gambit-hero-box-6\" class=\"hero-box hero-box-effect-goliath\" style=\"background-color: #000000; border-color:#000000; height: ;\"><figure class=\"hero-box-wrapper\"><div class=\"hero-box-img\" style=\"background-image: url(https:\/\/eliteam.eu\/wp-content\/uploads\/2021\/01\/Candelabres-CNES-4-1024x768.jpeg);\"><\/div><figcaption><div class=\"hero-box-text\"><h3 class=\"hero-box-title\" style=\"\">CNES - GUYANE<\/h3><p class=\"hero-box-caption\" style=\"\">Installation de plusieurs points lumineux sur le site du Centre National d&#039;Etudes Spatiales de Kourou.<\/p><\/div><\/figcaption><\/figure><\/div><\/div>[\/vc_column][vc_column css_animation=&#8221;fadeInUp&#8221; width=&#8221;1\/3&#8243;]<div data-enable_animator='all' class='wpb_animate_when_almost_visible gambit-css-animation fall-3d-to-top ' style='-webkit-animation-duration: 2s;-moz-animation-duration: 2s;-ms-animation-duration: 2s;-o-animation-duration: 2s;animation-duration: 2s;-webkit-transition-duration: 2s;-moz-transition-duration: 2s;-ms-transition-duration: 2s;-o-transition-duration: 2s;transition-duration: 2s;opacity: 0;-webkit-animation-delay: 0.1s;-moz-animation-delay: 0.1s;-ms-animation-delay: 0.1s;-o-animation-delay: 0.1s;animation-delay: 0.1s;-webkit-transition-delay: 0.1s;-moz-transition-delay: 0.1s;-ms-transition-delay: 0.1s;-o-transition-delay: 0.1s;transition-delay: 0.1s'><div id=\"gambit-hero-box-7\" class=\"hero-box hero-box-effect-goliath\" style=\"background-color: #000000; border-color:#000000; height: ;\"><figure class=\"hero-box-wrapper\"><div class=\"hero-box-img\" style=\"background-image: url(https:\/\/eliteam.eu\/wp-content\/uploads\/2019\/11\/Albioma.jpg);\"><\/div><figcaption><div class=\"hero-box-text\"><h3 class=\"hero-box-title\" style=\"\">Site d&#039;Albioma - GUYANE<\/h3><p class=\"hero-box-caption\" style=\"\">Implantation de 3 ISSL+ et 1 ISSL Maxi AREA sur le site ALBIOMA de D\u00e9grad Saramaca \u00e0 Kourou<\/p><\/div><\/figcaption><\/figure><\/div><\/div>[vc_empty_space]<div data-enable_animator='all' class='wpb_animate_when_almost_visible gambit-css-animation fall-3d-to-top ' style='-webkit-animation-duration: 2s;-moz-animation-duration: 2s;-ms-animation-duration: 2s;-o-animation-duration: 2s;animation-duration: 2s;-webkit-transition-duration: 2s;-moz-transition-duration: 2s;-ms-transition-duration: 2s;-o-transition-duration: 2s;transition-duration: 2s;opacity: 0;-webkit-animation-delay: 0.1s;-moz-animation-delay: 0.1s;-ms-animation-delay: 0.1s;-o-animation-delay: 0.1s;animation-delay: 0.1s;-webkit-transition-delay: 0.1s;-moz-transition-delay: 0.1s;-ms-transition-delay: 0.1s;-o-transition-delay: 0.1s;transition-delay: 0.1s'><div id=\"gambit-hero-box-8\" class=\"hero-box hero-box-effect-goliath\" style=\"background-color: #000000; border-color:#000000; height: ;\"><figure class=\"hero-box-wrapper\"><div class=\"hero-box-img\" style=\"background-image: url(https:\/\/eliteam.eu\/wp-content\/uploads\/2021\/01\/Tamas-e1610448856327-1024x823.jpeg);\"><\/div><figcaption><div class=\"hero-box-text\"><h3 class=\"hero-box-title\" style=\"\">Tamas BTP - FRANCE<\/h3><p class=\"hero-box-caption\" style=\"\">Eclairage DUAL d&#039;un panneau publicitaire. Structure r\u00e9alis\u00e9e par un partenaire Alsacien.<\/p><\/div><\/figcaption><\/figure><\/div><\/div>[vc_empty_space]<div data-enable_animator='all' class='wpb_animate_when_almost_visible gambit-css-animation fall-3d-to-top ' style='-webkit-animation-duration: 2s;-moz-animation-duration: 2s;-ms-animation-duration: 2s;-o-animation-duration: 2s;animation-duration: 2s;-webkit-transition-duration: 2s;-moz-transition-duration: 2s;-ms-transition-duration: 2s;-o-transition-duration: 2s;transition-duration: 2s;opacity: 0;-webkit-animation-delay: 0.1s;-moz-animation-delay: 0.1s;-ms-animation-delay: 0.1s;-o-animation-delay: 0.1s;animation-delay: 0.1s;-webkit-transition-delay: 0.1s;-moz-transition-delay: 0.1s;-ms-transition-delay: 0.1s;-o-transition-delay: 0.1s;transition-delay: 0.1s'><div id=\"gambit-hero-box-9\" class=\"hero-box hero-box-effect-goliath\" style=\"background-color: #000000; border-color:#000000; height: ;\"><figure class=\"hero-box-wrapper\"><div class=\"hero-box-img\" style=\"background-image: url(https:\/\/eliteam.eu\/wp-content\/uploads\/2021\/01\/Site-de-la-CAF-2-Guyane-1024x768.jpeg);\"><\/div><figcaption><div class=\"hero-box-text\"><h3 class=\"hero-box-title\" style=\"\">CAF - GUYANE<\/h3><p class=\"hero-box-caption\" style=\"\">Installation d&#039;un \u00e9clairage sur le site de la CAF \u00e0 Cayenne.<\/p><\/div><\/figcaption><\/figure><\/div><\/div>[\/vc_column][\/vc_row][vc_row el_id=&#8221;contacts&#8221;][vc_column][vc_empty_space height=&#8221;100px&#8221;][vc_separator color=&#8221;custom&#8221; align=&#8221;align_left&#8221; border_width=&#8221;2&#8243; el_width=&#8221;30&#8243; css_animation=&#8221;fadeIn&#8221; accent_color=&#8221;#f58220&#8243;][vc_column_text css_animation=&#8221;fadeIn&#8221;]<\/p>\n<h2><strong>CONTACTS<\/strong><\/h2>\n<p>[\/vc_column_text][\/vc_column][\/vc_row][vc_row][vc_column css_animation=&#8221;fadeInLeft&#8221; width=&#8221;1\/2&#8243;][vc_column_text]<\/p>\n<p style=\"text-align: center;\"><span style=\"font-size: 18pt;\"><strong>France<\/strong><\/span><\/p>\n<p style=\"text-align: center;\"><span style=\"font-size: 12pt;\">Si\u00e8ge Social<\/span><br \/>\n<span style=\"font-size: 12pt;\">5 rue du Danemark<\/span><br \/>\n<span style=\"font-size: 12pt;\">68310 WITTELSHEIM<\/span><\/p>\n<p style=\"text-align: center;\"><span style=\"font-size: 12pt;\"><strong>Maxime CREUX<\/strong><\/span><br \/>\n<span style=\"font-size: 12pt;\">+33 6 68 82 71 51<\/span><br \/>\n<a href=\"mailto:maxime.creux@eliteam.eu\"><span style=\"font-size: 12pt;\">maxime.creux@eliteam.eu<\/span><\/a><\/p>\n<p>[\/vc_column_text][\/vc_column][vc_column css_animation=&#8221;fadeInRight&#8221; width=&#8221;1\/2&#8243;][vc_column_text]<\/p>\n<p style=\"text-align: center;\"><span style=\"font-size: 18pt;\"><strong>Guyane<\/strong><\/span><\/p>\n<p style=\"text-align: center;\"><span style=\"font-size: 12pt;\">17 Lot. l&#8217;Anse du Mahury<\/span><br \/>\n<span style=\"font-size: 12pt;\">7080 Route des Plages &#8211; Rue des Avicennias<\/span><br \/>\n<span style=\"font-size: 12pt;\">97354 REMIRE-MONTJOLY<\/span><\/p>\n<p>&nbsp;<\/p>\n<p style=\"text-align: center;\"><strong><u>Atelier\u00a0:<\/u><\/strong><\/p>\n<p style=\"text-align: center;\">Chez GEODIS Freight Forwarding France SAS<br \/>\n10A Rue des Quais- Zone Industrielle Degrad des Cannes<br \/>\n97354 &#8211; REMIRE MONTJOLY \/ GUYANE<\/p>\n<p style=\"text-align: center;\"><span style=\"font-size: 12pt;\"><strong>Christian GERARD<\/strong><\/span><br \/>\n<span style=\"font-size: 12pt;\">Directeur Antilles &#8211; Guyane<\/span><br \/>\n<span style=\"font-size: 12pt;\">T\u00e9l : +594 594 37 75 41<\/span><br \/>\n<span style=\"font-size: 12pt;\">Mob. +594 694 31 31 90<\/span><\/p>\n<p style=\"text-align: center;\"><a href=\"mailto:eliteam.aoguyane@eliteam.eu\"><span style=\"font-size: 12pt;\">eliteam.aoguyane@eliteam.eu<\/span><\/a><\/p>\n<p>[\/vc_column_text][\/vc_column][\/vc_row][vc_column][\/vc_column]<\/p>","protected":false},"excerpt":{"rendered":"<p>Sorry, this entry is only available in Fran\u00e7ais. For the sake of viewer convenience, the content is shown below in the alternative language. You may click the link to switch [&hellip;]<\/p>\n","protected":false},"author":1,"featured_media":0,"parent":0,"menu_order":0,"comment_status":"closed","ping_status":"closed","template":"","meta":{"footnotes":""},"class_list":["post-1325","page","type-page","status-publish","hentry"],"_links":{"self":[{"href":"https:\/\/eliteam.eu\/en\/wp-json\/wp\/v2\/pages\/1325","targetHints":{"allow":["GET"]}}],"collection":[{"href":"https:\/\/eliteam.eu\/en\/wp-json\/wp\/v2\/pages"}],"about":[{"href":"https:\/\/eliteam.eu\/en\/wp-json\/wp\/v2\/types\/page"}],"author":[{"embeddable":true,"href":"https:\/\/eliteam.eu\/en\/wp-json\/wp\/v2\/users\/1"}],"replies":[{"embeddable":true,"href":"https:\/\/eliteam.eu\/en\/wp-json\/wp\/v2\/comments?post=1325"}],"version-history":[{"count":74,"href":"https:\/\/eliteam.eu\/en\/wp-json\/wp\/v2\/pages\/1325\/revisions"}],"predecessor-version":[{"id":1973,"href":"https:\/\/eliteam.eu\/en\/wp-json\/wp\/v2\/pages\/1325\/revisions\/1973"}],"wp:attachment":[{"href":"https:\/\/eliteam.eu\/en\/wp-json\/wp\/v2\/media?parent=1325"}],"curies":[{"name":"wp","href":"https:\/\/api.w.org\/{rel}","templated":true}]}}